{"id":35976,"date":"2025-11-04T15:03:00","date_gmt":"2025-11-04T14:03:00","guid":{"rendered":"https:\/\/abcprato.it\/mobiliario-2\/"},"modified":"2026-01-19T15:41:06","modified_gmt":"2026-01-19T14:41:06","slug":"mobiliario","status":"publish","type":"page","link":"https:\/\/abcprato.it\/es\/mobiliario\/","title":{"rendered":"Mobiliario"},"content":{"rendered":"\t\t<div data-elementor-type=\"wp-page\" data-elementor-id=\"35976\" class=\"elementor elementor-35976 elementor-35913\" data-elementor-post-type=\"page\">\n\t\t\t\t<div class=\"elementor-element elementor-element-35c5c04f submenu-product e-flex e-con-boxed e-con e-parent\" data-id=\"35c5c04f\" data-element_type=\"container\" data-e-type=\"container\" data-settings=\"{&quot;background_background&quot;:&quot;classic&quot;}\">\n\t\t\t\t\t<div class=\"e-con-inner\">\n\t\t<div class=\"elementor-element elementor-element-72e7365 animated-fast e-con-full e-flex elementor-invisible e-con e-child\" data-id=\"72e7365\" data-element_type=\"container\" data-e-type=\"container\" data-settings=\"{&quot;animation&quot;:&quot;fadeInRight&quot;}\">\n\t\t\t\t<div class=\"elementor-element elementor-element-7dbd4c5 elementor-widget elementor-widget-shortcode\" data-id=\"7dbd4c5\" data-element_type=\"widget\" data-e-type=\"widget\" data-widget_type=\"shortcode.default\">\n\t\t\t\t<div class=\"elementor-widget-container\">\n\t\t\t\t\t\t\t<div class=\"elementor-shortcode\"><div class=\"Sottomenu arredo es\"><ul>\r\n \t<li><a href=\"https:\/\/abcprato.it\/es\/mobiliario\/banco-de-trabajo\/\"><img decoding=\"async\" class=\"alignnone size-full wp-image-1169\" src=\"https:\/\/abcprato.it\/wp-content\/themes\/abc-prato\/images\/icons\/tavolo-da-lavoro-icona.png\" alt=\"\" width=\"150\" height=\"150\" \/>\r\nBanco de trabajo<\/a><\/li>\r\n \t<li><a href=\"https:\/\/abcprato.it\/es\/mobiliario\/banco-de-trabajo-inclinable\/\"><img decoding=\"async\" class=\"alignnone size-full wp-image-1169\" src=\"https:\/\/abcprato.it\/wp-content\/uploads\/2024\/10\/icona-TL-inclinato-nuova.png\" alt=\"\" width=\"150\" height=\"150\" \/>Banco inclinable<\/a><\/li>\r\n \t<li><a href=\"https:\/\/abcprato.it\/es\/mobiliario\/banco-de-trabajo-individual\/\"><img decoding=\"async\" class=\"alignnone size-full wp-image-1169\" src=\"https:\/\/abcprato.it\/wp-content\/themes\/abc-prato\/images\/icons\/icona-TL-singolo.png\" alt=\"\" width=\"150\" height=\"150\" \/>Banco individual<\/a><\/li>\r\n \t<li><a href=\"https:\/\/abcprato.it\/es\/mobiliario\/mueble-para-cargas-pesadas\/\"><img loading=\"lazy\" decoding=\"async\" class=\"alignnone wp-image-36614 size-full\" src=\"https:\/\/abcprato.it\/wp-content\/uploads\/2024\/10\/cassettiera-carichi-pesanti-icona.png\" alt=\"cassettiera-carichi-pesanti-icona\" width=\"150\" height=\"150\" srcset=\"https:\/\/abcprato.it\/wp-content\/uploads\/2024\/10\/cassettiera-carichi-pesanti-icona.png 150w, https:\/\/abcprato.it\/wp-content\/uploads\/2024\/10\/cassettiera-carichi-pesanti-icona-24x24.png 24w, https:\/\/abcprato.it\/wp-content\/uploads\/2024\/10\/cassettiera-carichi-pesanti-icona-36x36.png 36w, https:\/\/abcprato.it\/wp-content\/uploads\/2024\/10\/cassettiera-carichi-pesanti-icona-48x48.png 48w\" sizes=\"(max-width: 150px) 100vw, 150px\" \/>Mueble cargas pesadas<\/a><\/li>\r\n \t<li><a href=\"https:\/\/abcprato.it\/es\/mobiliario\/mueble-de-coser\/\"><img loading=\"lazy\" decoding=\"async\" class=\"alignnone size-full wp-image-1171\" src=\"https:\/\/abcprato.it\/wp-content\/themes\/abc-prato\/images\/icons\/cassettiera-cucito-icona.png\" alt=\"\" width=\"150\" height=\"150\" \/>\r\nMueble de coser\r\n<\/a><\/li>\r\n<\/ul><\/div><\/div>\n\t\t\t\t\t\t<\/div>\n\t\t\t\t<\/div>\n\t\t\t\t<\/div>\n\t\t\t\t\t<\/div>\n\t\t\t\t<\/div>\n\t\t<div class=\"elementor-element elementor-element-2acd02ab e-flex e-con-boxed e-con e-parent\" data-id=\"2acd02ab\" data-element_type=\"container\" data-e-type=\"container\" data-settings=\"{&quot;shape_divider_top&quot;:&quot;tilt&quot;}\">\n\t\t\t\t\t<div class=\"e-con-inner\">\n\t\t\t\t<div class=\"elementor-shape elementor-shape-top\" aria-hidden=\"true\" data-negative=\"false\">\n\t\t\t<svg xmlns=\"http:\/\/www.w3.org\/2000\/svg\" viewBox=\"0 0 1000 100\" preserveAspectRatio=\"none\">\n\t<path class=\"elementor-shape-fill\" d=\"M0,6V0h1000v100L0,6z\"\/>\n<\/svg>\t\t<\/div>\n\t\t<div class=\"elementor-element elementor-element-31a4f0fe e-con-full e-flex e-con e-child\" data-id=\"31a4f0fe\" data-element_type=\"container\" data-e-type=\"container\">\n\t\t\t\t<div class=\"elementor-element elementor-element-285d125f elementor-widget elementor-widget-heading\" data-id=\"285d125f\" data-element_type=\"widget\" data-e-type=\"widget\" data-widget_type=\"heading.default\">\n\t\t\t\t<div class=\"elementor-widget-container\">\n\t\t\t\t\t<h2 class=\"elementor-heading-title elementor-size-default\"><i> Mobiliario: Dise\u00f1o y Estilo<\/i><\/h2>\t\t\t\t<\/div>\n\t\t\t\t<\/div>\n\t\t\t\t<div class=\"elementor-element elementor-element-3d8dc315 elementor-widget__width-initial elementor-widget elementor-widget-text-editor\" data-id=\"3d8dc315\" data-element_type=\"widget\" data-e-type=\"widget\" data-widget_type=\"text-editor.default\">\n\t\t\t\t<div class=\"elementor-widget-container\">\n\t\t\t\t\t\t\t\t\t<p style=\"text-align: center;\">El mobiliario ABC es fundamental para mejorar y hacer \u00fanico tu taller mejorando el aspecto y la organizaci\u00f3n del trabajo.<\/p>\n<p><\/p>\n<p style=\"text-align: center;\">Dona un toco de estilo con el <strong>banco de trabajo<\/strong>, est\u00e1ndar o inclinable, con estanter\u00edas en tablero de melamina y la estructura en acero galvanizado y pintado de blanco. Las dimensiones disponibles son tanto grandes como para una sola estaci\u00f3n de trabajo. Se puede utilizar en todas las etapas de procesamiento de la empresa.<\/p>\n<p><\/p>\n<p style=\"text-align: center;\">Guarda todos tus componentes y equipamiento en su sitio en el <strong>mueble para cargas pesadas<\/strong>, que se suministra montado y con una combinaci\u00f3n de 7 cajones. Se completa con separadores o bandejas, seg\u00fan tus necesidades. Cada caj\u00f3n est\u00e1 equipado con gu\u00edas de bolas de extracci\u00f3n total y un par de asas ergon\u00f3micas, f\u00e1ciles de abrir.<\/p>\n<p><\/p>\n<p style=\"text-align: center;\">Optimiza los espacios en tu taller con el <strong>mueble de coser<\/strong> suministrada montada y pre equipada con los accesorios \u00fatiles para la manufactura como soportes para conos de hilo, bandeja para canillas y cesta, manejando con eficiencia utensilios y materiales de trabajo.<\/p>\n\t\t\t\t\t\t\t\t<\/div>\n\t\t\t\t<\/div>\n\t\t\t\t<\/div>\n\t\t\t\t\t<\/div>\n\t\t\t\t<\/div>\n\t\t<div class=\"elementor-element elementor-element-6df506a5 e-con-full e-flex e-con e-parent\" data-id=\"6df506a5\" data-element_type=\"container\" data-e-type=\"container\" data-settings=\"{&quot;background_background&quot;:&quot;classic&quot;}\">\n\t\t<div class=\"elementor-element elementor-element-23461b8f e-con-full e-flex e-con e-child\" data-id=\"23461b8f\" data-element_type=\"container\" data-e-type=\"container\">\n\t\t\t\t<div class=\"elementor-element elementor-element-1e063cf elementor-widget elementor-widget-image\" data-id=\"1e063cf\" data-element_type=\"widget\" data-e-type=\"widget\" data-widget_type=\"image.default\">\n\t\t\t\t<div class=\"elementor-widget-container\">\n\t\t\t\t\t\t\t\t\t\t\t\t\t\t\t\t<a href=\"https:\/\/abcprato.it\/es\/mobiliario\/banco-de-trabajo\/\">\n\t\t\t\t\t\t\t<img loading=\"lazy\" decoding=\"async\" width=\"800\" height=\"534\" src=\"https:\/\/abcprato.it\/wp-content\/uploads\/2025\/06\/tavolo-da-lavoro-standard2--1024x683.webp\" class=\"attachment-large size-large wp-image-33644\" alt=\"banco-de-trabajo-estandar\" srcset=\"https:\/\/abcprato.it\/wp-content\/uploads\/2025\/06\/tavolo-da-lavoro-standard2--1024x683.webp 1024w, https:\/\/abcprato.it\/wp-content\/uploads\/2025\/06\/tavolo-da-lavoro-standard2--300x200.webp 300w, https:\/\/abcprato.it\/wp-content\/uploads\/2025\/06\/tavolo-da-lavoro-standard2--768x512.webp 768w, https:\/\/abcprato.it\/wp-content\/uploads\/2025\/06\/tavolo-da-lavoro-standard2--24x16.webp 24w, https:\/\/abcprato.it\/wp-content\/uploads\/2025\/06\/tavolo-da-lavoro-standard2--36x24.webp 36w, https:\/\/abcprato.it\/wp-content\/uploads\/2025\/06\/tavolo-da-lavoro-standard2--48x32.webp 48w, https:\/\/abcprato.it\/wp-content\/uploads\/2025\/06\/tavolo-da-lavoro-standard2-.webp 1500w\" sizes=\"(max-width: 800px) 100vw, 800px\" \/>\t\t\t\t\t\t\t\t<\/a>\n\t\t\t\t\t\t\t\t\t\t\t\t\t\t\t<\/div>\n\t\t\t\t<\/div>\n\t\t\t\t<div class=\"elementor-element elementor-element-4ef58be7 elementor-widget elementor-widget-heading\" data-id=\"4ef58be7\" data-element_type=\"widget\" data-e-type=\"widget\" data-widget_type=\"heading.default\">\n\t\t\t\t<div class=\"elementor-widget-container\">\n\t\t\t\t\t<h3 class=\"elementor-heading-title elementor-size-default\">Banco de trabajo est\u00e1ndar<\/h3>\t\t\t\t<\/div>\n\t\t\t\t<\/div>\n\t\t\t\t<div class=\"elementor-element elementor-element-69b1e25c elementor-widget elementor-widget-text-editor\" data-id=\"69b1e25c\" data-element_type=\"widget\" data-e-type=\"widget\" data-widget_type=\"text-editor.default\">\n\t\t\t\t<div class=\"elementor-widget-container\">\n\t\t\t\t\t\t\t\t\t<p style=\"text-align: center;\"><strong>Banco de trabajo<\/strong> ideal para cada fase de procesamiento del producto semiacabado o final en el taller. Altura ajustable para adaptarse al trabajador.<\/p>\n\t\t\t\t\t\t\t\t<\/div>\n\t\t\t\t<\/div>\n\t\t\t\t<div class=\"elementor-element elementor-element-3a3850ee elementor-align-center elementor-widget elementor-widget-button\" data-id=\"3a3850ee\" data-element_type=\"widget\" data-e-type=\"widget\" data-widget_type=\"button.default\">\n\t\t\t\t<div class=\"elementor-widget-container\">\n\t\t\t\t\t\t\t\t\t<div class=\"elementor-button-wrapper\">\n\t\t\t\t\t<a class=\"elementor-button elementor-button-link elementor-size-sm\" href=\"https:\/\/abcprato.it\/es\/mobiliario\/banco-de-trabajo\/\">\n\t\t\t\t\t\t<span class=\"elementor-button-content-wrapper\">\n\t\t\t\t\t\t\t\t\t<span class=\"elementor-button-text\">DESCUBRE M\u00c1S<\/span>\n\t\t\t\t\t<\/span>\n\t\t\t\t\t<\/a>\n\t\t\t\t<\/div>\n\t\t\t\t\t\t\t\t<\/div>\n\t\t\t\t<\/div>\n\t\t\t\t<\/div>\n\t\t<div class=\"elementor-element elementor-element-3cf595b7 e-con-full e-flex e-con e-child\" data-id=\"3cf595b7\" data-element_type=\"container\" data-e-type=\"container\">\n\t\t\t\t<div class=\"elementor-element elementor-element-51a31131 elementor-widget elementor-widget-image\" data-id=\"51a31131\" data-element_type=\"widget\" data-e-type=\"widget\" data-widget_type=\"image.default\">\n\t\t\t\t<div class=\"elementor-widget-container\">\n\t\t\t\t\t\t\t\t\t\t\t\t\t\t\t\t<a href=\"https:\/\/abcprato.it\/es\/mobiliario\/banco-de-trabajo-inclinable\/\">\n\t\t\t\t\t\t\t<img loading=\"lazy\" decoding=\"async\" width=\"800\" height=\"534\" src=\"https:\/\/abcprato.it\/wp-content\/uploads\/2025\/06\/tavolo-da-lavoro-inclinato--1024x683.webp\" class=\"attachment-large size-large wp-image-33635\" alt=\"banco-de-trabajo-inclinable\" srcset=\"https:\/\/abcprato.it\/wp-content\/uploads\/2025\/06\/tavolo-da-lavoro-inclinato--1024x683.webp 1024w, https:\/\/abcprato.it\/wp-content\/uploads\/2025\/06\/tavolo-da-lavoro-inclinato--300x200.webp 300w, https:\/\/abcprato.it\/wp-content\/uploads\/2025\/06\/tavolo-da-lavoro-inclinato--768x512.webp 768w, https:\/\/abcprato.it\/wp-content\/uploads\/2025\/06\/tavolo-da-lavoro-inclinato--24x16.webp 24w, https:\/\/abcprato.it\/wp-content\/uploads\/2025\/06\/tavolo-da-lavoro-inclinato--36x24.webp 36w, https:\/\/abcprato.it\/wp-content\/uploads\/2025\/06\/tavolo-da-lavoro-inclinato--48x32.webp 48w, https:\/\/abcprato.it\/wp-content\/uploads\/2025\/06\/tavolo-da-lavoro-inclinato-.webp 1500w\" sizes=\"(max-width: 800px) 100vw, 800px\" \/>\t\t\t\t\t\t\t\t<\/a>\n\t\t\t\t\t\t\t\t\t\t\t\t\t\t\t<\/div>\n\t\t\t\t<\/div>\n\t\t\t\t<div class=\"elementor-element elementor-element-8cf1f9b elementor-widget elementor-widget-heading\" data-id=\"8cf1f9b\" data-element_type=\"widget\" data-e-type=\"widget\" data-widget_type=\"heading.default\">\n\t\t\t\t<div class=\"elementor-widget-container\">\n\t\t\t\t\t<h3 class=\"elementor-heading-title elementor-size-default\">Banco de trabajo inclinable<\/h3>\t\t\t\t<\/div>\n\t\t\t\t<\/div>\n\t\t\t\t<div class=\"elementor-element elementor-element-6922fb40 elementor-widget elementor-widget-text-editor\" data-id=\"6922fb40\" data-element_type=\"widget\" data-e-type=\"widget\" data-widget_type=\"text-editor.default\">\n\t\t\t\t<div class=\"elementor-widget-container\">\n\t\t\t\t\t\t\t\t\t<p style=\"text-align: center;\">El <strong>banco de trabajo inclinable<\/strong>, de altura regulable, est\u00e1 dise\u00f1ado para la inspecci\u00f3n de pieles en el departamento de modelaje o almacenamiento.<\/p>\n\t\t\t\t\t\t\t\t<\/div>\n\t\t\t\t<\/div>\n\t\t\t\t<div class=\"elementor-element elementor-element-50974537 elementor-align-center elementor-widget elementor-widget-button\" data-id=\"50974537\" data-element_type=\"widget\" data-e-type=\"widget\" data-widget_type=\"button.default\">\n\t\t\t\t<div class=\"elementor-widget-container\">\n\t\t\t\t\t\t\t\t\t<div class=\"elementor-button-wrapper\">\n\t\t\t\t\t<a class=\"elementor-button elementor-button-link elementor-size-sm\" href=\"https:\/\/abcprato.it\/es\/mobiliario\/banco-de-trabajo-inclinable\/\">\n\t\t\t\t\t\t<span class=\"elementor-button-content-wrapper\">\n\t\t\t\t\t\t\t\t\t<span class=\"elementor-button-text\">DESCUBRE M\u00c1S<\/span>\n\t\t\t\t\t<\/span>\n\t\t\t\t\t<\/a>\n\t\t\t\t<\/div>\n\t\t\t\t\t\t\t\t<\/div>\n\t\t\t\t<\/div>\n\t\t\t\t<\/div>\n\t\t<div class=\"elementor-element elementor-element-72ad35d e-con-full e-flex e-con e-child\" data-id=\"72ad35d\" data-element_type=\"container\" data-e-type=\"container\">\n\t\t\t\t<div class=\"elementor-element elementor-element-c67a391 elementor-widget elementor-widget-image\" data-id=\"c67a391\" data-element_type=\"widget\" data-e-type=\"widget\" data-widget_type=\"image.default\">\n\t\t\t\t<div class=\"elementor-widget-container\">\n\t\t\t\t\t\t\t\t\t\t\t\t\t\t\t\t<a href=\"https:\/\/abcprato.it\/es\/mobiliario\/banco-de-trabajo-individual\/\">\n\t\t\t\t\t\t\t<img loading=\"lazy\" decoding=\"async\" width=\"800\" height=\"534\" src=\"https:\/\/abcprato.it\/wp-content\/uploads\/2025\/11\/TL_PS_K_01-1-1024x683.png\" class=\"attachment-large size-large wp-image-36216\" alt=\"TL_PS_K_01 (1)\" srcset=\"https:\/\/abcprato.it\/wp-content\/uploads\/2025\/11\/TL_PS_K_01-1-1024x683.png 1024w, https:\/\/abcprato.it\/wp-content\/uploads\/2025\/11\/TL_PS_K_01-1-300x200.png 300w, https:\/\/abcprato.it\/wp-content\/uploads\/2025\/11\/TL_PS_K_01-1-768x512.png 768w, https:\/\/abcprato.it\/wp-content\/uploads\/2025\/11\/TL_PS_K_01-1-24x16.png 24w, https:\/\/abcprato.it\/wp-content\/uploads\/2025\/11\/TL_PS_K_01-1-36x24.png 36w, https:\/\/abcprato.it\/wp-content\/uploads\/2025\/11\/TL_PS_K_01-1-48x32.png 48w, https:\/\/abcprato.it\/wp-content\/uploads\/2025\/11\/TL_PS_K_01-1.png 1500w\" sizes=\"(max-width: 800px) 100vw, 800px\" \/>\t\t\t\t\t\t\t\t<\/a>\n\t\t\t\t\t\t\t\t\t\t\t\t\t\t\t<\/div>\n\t\t\t\t<\/div>\n\t\t\t\t<div class=\"elementor-element elementor-element-2fab785 elementor-widget elementor-widget-heading\" data-id=\"2fab785\" data-element_type=\"widget\" data-e-type=\"widget\" data-widget_type=\"heading.default\">\n\t\t\t\t<div class=\"elementor-widget-container\">\n\t\t\t\t\t<h3 class=\"elementor-heading-title elementor-size-default\">Banco de trabajo individual<\/h3>\t\t\t\t<\/div>\n\t\t\t\t<\/div>\n\t\t\t\t<div class=\"elementor-element elementor-element-cb974b1 elementor-widget elementor-widget-text-editor\" data-id=\"cb974b1\" data-element_type=\"widget\" data-e-type=\"widget\" data-widget_type=\"text-editor.default\">\n\t\t\t\t<div class=\"elementor-widget-container\">\n\t\t\t\t\t\t\t\t\t<p style=\"text-align: center;\">El <strong>banco de trabajo individual<\/strong> tiene dimensiones compactas y le permite organizar varias estaciones de trabajo en el mismo departamento, mejorando el espacio en la empresa.<\/p>\n\t\t\t\t\t\t\t\t<\/div>\n\t\t\t\t<\/div>\n\t\t\t\t<div class=\"elementor-element elementor-element-aab3cdc elementor-align-center elementor-widget elementor-widget-button\" data-id=\"aab3cdc\" data-element_type=\"widget\" data-e-type=\"widget\" data-widget_type=\"button.default\">\n\t\t\t\t<div class=\"elementor-widget-container\">\n\t\t\t\t\t\t\t\t\t<div class=\"elementor-button-wrapper\">\n\t\t\t\t\t<a class=\"elementor-button elementor-button-link elementor-size-sm\" href=\"https:\/\/abcprato.it\/es\/mobiliario\/banco-de-trabajo-individual\/\">\n\t\t\t\t\t\t<span class=\"elementor-button-content-wrapper\">\n\t\t\t\t\t\t\t\t\t<span class=\"elementor-button-text\">DESCUBRE M\u00c1S<\/span>\n\t\t\t\t\t<\/span>\n\t\t\t\t\t<\/a>\n\t\t\t\t<\/div>\n\t\t\t\t\t\t\t\t<\/div>\n\t\t\t\t<\/div>\n\t\t\t\t<\/div>\n\t\t\t\t<\/div>\n\t\t<div class=\"elementor-element elementor-element-ac0c6d1 e-flex e-con-boxed e-con e-parent\" data-id=\"ac0c6d1\" data-element_type=\"container\" data-e-type=\"container\">\n\t\t\t\t\t<div class=\"e-con-inner\">\n\t\t<div class=\"elementor-element elementor-element-e2633cd e-con-full e-flex e-con e-child\" data-id=\"e2633cd\" data-element_type=\"container\" data-e-type=\"container\">\n\t\t\t\t<div class=\"elementor-element elementor-element-4df805a elementor-widget elementor-widget-image\" data-id=\"4df805a\" data-element_type=\"widget\" data-e-type=\"widget\" data-widget_type=\"image.default\">\n\t\t\t\t<div class=\"elementor-widget-container\">\n\t\t\t\t\t\t\t\t\t\t\t\t\t\t\t\t<a href=\"https:\/\/abcprato.it\/es\/mobiliario\/mueble-para-cargas-pesadas\/\">\n\t\t\t\t\t\t\t<img loading=\"lazy\" decoding=\"async\" width=\"800\" height=\"534\" src=\"https:\/\/abcprato.it\/wp-content\/uploads\/2026\/01\/cassettiera-per-carichi-pesanti-pi-1024x683.png\" class=\"attachment-large size-large wp-image-36637\" alt=\"mueble-para-cargas-pesadas-pi\" srcset=\"https:\/\/abcprato.it\/wp-content\/uploads\/2026\/01\/cassettiera-per-carichi-pesanti-pi-1024x683.png 1024w, https:\/\/abcprato.it\/wp-content\/uploads\/2026\/01\/cassettiera-per-carichi-pesanti-pi-300x200.png 300w, https:\/\/abcprato.it\/wp-content\/uploads\/2026\/01\/cassettiera-per-carichi-pesanti-pi-768x512.png 768w, https:\/\/abcprato.it\/wp-content\/uploads\/2026\/01\/cassettiera-per-carichi-pesanti-pi-24x16.png 24w, https:\/\/abcprato.it\/wp-content\/uploads\/2026\/01\/cassettiera-per-carichi-pesanti-pi-36x24.png 36w, https:\/\/abcprato.it\/wp-content\/uploads\/2026\/01\/cassettiera-per-carichi-pesanti-pi-48x32.png 48w, https:\/\/abcprato.it\/wp-content\/uploads\/2026\/01\/cassettiera-per-carichi-pesanti-pi.png 1500w\" sizes=\"(max-width: 800px) 100vw, 800px\" \/>\t\t\t\t\t\t\t\t<\/a>\n\t\t\t\t\t\t\t\t\t\t\t\t\t\t\t<\/div>\n\t\t\t\t<\/div>\n\t\t\t\t<div class=\"elementor-element elementor-element-8072e34 elementor-widget elementor-widget-heading\" data-id=\"8072e34\" data-element_type=\"widget\" data-e-type=\"widget\" data-widget_type=\"heading.default\">\n\t\t\t\t<div class=\"elementor-widget-container\">\n\t\t\t\t\t<h3 class=\"elementor-heading-title elementor-size-default\">Mueble para cargas pesadas<\/h3>\t\t\t\t<\/div>\n\t\t\t\t<\/div>\n\t\t\t\t<div class=\"elementor-element elementor-element-7372c23 elementor-widget elementor-widget-text-editor\" data-id=\"7372c23\" data-element_type=\"widget\" data-e-type=\"widget\" data-widget_type=\"text-editor.default\">\n\t\t\t\t<div class=\"elementor-widget-container\">\n\t\t\t\t\t\t\t\t\t<p style=\"text-align: center;\">El <strong>mueble para cargas pesadas<\/strong> tiene una capacidad de 70 kg por caj\u00f3n.<br \/>\nIdeal para almacenar todos los componentes y equipos<br \/>\nutilizados en la producci\u00f3n.<\/p>\n\t\t\t\t\t\t\t\t<\/div>\n\t\t\t\t<\/div>\n\t\t\t\t<div class=\"elementor-element elementor-element-24c6d6d elementor-align-center elementor-widget elementor-widget-button\" data-id=\"24c6d6d\" data-element_type=\"widget\" data-e-type=\"widget\" data-widget_type=\"button.default\">\n\t\t\t\t<div class=\"elementor-widget-container\">\n\t\t\t\t\t\t\t\t\t<div class=\"elementor-button-wrapper\">\n\t\t\t\t\t<a class=\"elementor-button elementor-button-link elementor-size-sm\" href=\"https:\/\/abcprato.it\/es\/mobiliario\/mueble-para-cargas-pesadas\/\">\n\t\t\t\t\t\t<span class=\"elementor-button-content-wrapper\">\n\t\t\t\t\t\t\t\t\t<span class=\"elementor-button-text\">DESCUBRE M\u00c1S<\/span>\n\t\t\t\t\t<\/span>\n\t\t\t\t\t<\/a>\n\t\t\t\t<\/div>\n\t\t\t\t\t\t\t\t<\/div>\n\t\t\t\t<\/div>\n\t\t\t\t<\/div>\n\t\t<div class=\"elementor-element elementor-element-ea93b34 e-con-full e-flex e-con e-child\" data-id=\"ea93b34\" data-element_type=\"container\" data-e-type=\"container\">\n\t\t\t\t<div class=\"elementor-element elementor-element-ac69901 elementor-widget elementor-widget-image\" data-id=\"ac69901\" data-element_type=\"widget\" data-e-type=\"widget\" data-widget_type=\"image.default\">\n\t\t\t\t<div class=\"elementor-widget-container\">\n\t\t\t\t\t\t\t\t\t\t\t\t\t\t\t\t<a href=\"https:\/\/abcprato.it\/es\/mobiliario\/mueble-de-coser\/\">\n\t\t\t\t\t\t\t<img loading=\"lazy\" decoding=\"async\" width=\"800\" height=\"534\" src=\"https:\/\/abcprato.it\/wp-content\/uploads\/2024\/06\/cassettiera-cucito-1024x683.webp\" class=\"attachment-large size-large wp-image-26252\" alt=\"mueble-de-coser\" srcset=\"https:\/\/abcprato.it\/wp-content\/uploads\/2024\/06\/cassettiera-cucito-1024x683.webp 1024w, https:\/\/abcprato.it\/wp-content\/uploads\/2024\/06\/cassettiera-cucito-300x200.webp 300w, https:\/\/abcprato.it\/wp-content\/uploads\/2024\/06\/cassettiera-cucito-768x512.webp 768w, https:\/\/abcprato.it\/wp-content\/uploads\/2024\/06\/cassettiera-cucito-24x16.webp 24w, https:\/\/abcprato.it\/wp-content\/uploads\/2024\/06\/cassettiera-cucito-36x24.webp 36w, https:\/\/abcprato.it\/wp-content\/uploads\/2024\/06\/cassettiera-cucito-48x32.webp 48w, https:\/\/abcprato.it\/wp-content\/uploads\/2024\/06\/cassettiera-cucito.webp 1500w\" sizes=\"(max-width: 800px) 100vw, 800px\" \/>\t\t\t\t\t\t\t\t<\/a>\n\t\t\t\t\t\t\t\t\t\t\t\t\t\t\t<\/div>\n\t\t\t\t<\/div>\n\t\t\t\t<div class=\"elementor-element elementor-element-3eea13a5 elementor-widget elementor-widget-heading\" data-id=\"3eea13a5\" data-element_type=\"widget\" data-e-type=\"widget\" data-widget_type=\"heading.default\">\n\t\t\t\t<div class=\"elementor-widget-container\">\n\t\t\t\t\t<h3 class=\"elementor-heading-title elementor-size-default\">Mueble de coser<\/h3>\t\t\t\t<\/div>\n\t\t\t\t<\/div>\n\t\t\t\t<div class=\"elementor-element elementor-element-37c1f334 elementor-widget elementor-widget-text-editor\" data-id=\"37c1f334\" data-element_type=\"widget\" data-e-type=\"widget\" data-widget_type=\"text-editor.default\">\n\t\t\t\t<div class=\"elementor-widget-container\">\n\t\t\t\t\t\t\t\t\t<p style=\"text-align: center;\"><strong>Mueble de coser<\/strong> desarrollado para la costurera.<br \/>Para ser colocada debajo de cada estaci\u00f3n de trabajo.<br \/>Suministrado ya equipado y completo de accesorios.<\/p>\n\t\t\t\t\t\t\t\t<\/div>\n\t\t\t\t<\/div>\n\t\t\t\t<div class=\"elementor-element elementor-element-792f579e elementor-align-center elementor-widget elementor-widget-button\" data-id=\"792f579e\" data-element_type=\"widget\" data-e-type=\"widget\" data-widget_type=\"button.default\">\n\t\t\t\t<div class=\"elementor-widget-container\">\n\t\t\t\t\t\t\t\t\t<div class=\"elementor-button-wrapper\">\n\t\t\t\t\t<a class=\"elementor-button elementor-button-link elementor-size-sm\" href=\"https:\/\/abcprato.it\/es\/mobiliario\/mueble-de-coser\/\">\n\t\t\t\t\t\t<span class=\"elementor-button-content-wrapper\">\n\t\t\t\t\t\t\t\t\t<span class=\"elementor-button-text\">DESCUBRE M\u00c1S<\/span>\n\t\t\t\t\t<\/span>\n\t\t\t\t\t<\/a>\n\t\t\t\t<\/div>\n\t\t\t\t\t\t\t\t<\/div>\n\t\t\t\t<\/div>\n\t\t\t\t<\/div>\n\t\t\t\t\t<\/div>\n\t\t\t\t<\/div>\n\t\t<div class=\"elementor-element elementor-element-3967d184 e-flex e-con-boxed e-con e-parent\" data-id=\"3967d184\" data-element_type=\"container\" data-e-type=\"container\" data-settings=\"{&quot;background_background&quot;:&quot;classic&quot;}\">\n\t\t\t\t\t<div class=\"e-con-inner\">\n\t\t<div class=\"elementor-element elementor-element-27ee0d5a e-con-full e-flex e-con e-child\" data-id=\"27ee0d5a\" data-element_type=\"container\" data-e-type=\"container\">\n\t\t\t\t<\/div>\n\t\t<div class=\"elementor-element elementor-element-1cfc7829 e-con-full e-flex e-con e-child\" data-id=\"1cfc7829\" data-element_type=\"container\" data-e-type=\"container\">\n\t\t\t\t<\/div>\n\t\t<div class=\"elementor-element elementor-element-7c5244c5 e-con-full e-flex e-con e-child\" data-id=\"7c5244c5\" data-element_type=\"container\" data-e-type=\"container\">\n\t\t\t\t<\/div>\n\t\t\t\t\t<\/div>\n\t\t\t\t<\/div>\n\t\t<div class=\"elementor-element elementor-element-62ec317b e-flex e-con-boxed e-con e-parent\" data-id=\"62ec317b\" data-element_type=\"container\" data-e-type=\"container\" data-settings=\"{&quot;background_background&quot;:&quot;classic&quot;}\">\n\t\t\t\t\t<div class=\"e-con-inner\">\n\t\t<div class=\"elementor-element elementor-element-22399f1f e-con-full e-flex e-con e-child\" data-id=\"22399f1f\" data-element_type=\"container\" data-e-type=\"container\">\n\t\t\t\t<div class=\"elementor-element elementor-element-65fbc927 elementor-widget elementor-widget-text-editor\" data-id=\"65fbc927\" data-element_type=\"widget\" data-e-type=\"widget\" data-widget_type=\"text-editor.default\">\n\t\t\t\t<div class=\"elementor-widget-container\">\n\t\t\t\t\t\t\t\t\t<p style=\"text-align: center;\">Somos fabricantes y si tienes necesidades espec\u00edficas, podemos personalizar el articulo desarrollando contigo tu proyecto.<br \/>\nDescubre los ejemplos de <strong><u><a href=\"https:\/\/abcprato.it\/es\/categoria-productos-hechos-a-medida\/mobiliario\/\">mobiliario hecho a medida<\/a><\/u><\/strong> ya realizados.<\/p>\n\t\t\t\t\t\t\t\t<\/div>\n\t\t\t\t<\/div>\n\t\t\t\t<\/div>\n\t\t\t\t\t<\/div>\n\t\t\t\t<\/div>\n\t\t\t\t<\/div>\n\t\t","protected":false},"excerpt":{"rendered":"<p>Mobiliario: Dise\u00f1o y Estilo El mobiliario ABC es fundamental para mejorar y hacer \u00fanico tu taller mejorando el aspecto y la organizaci\u00f3n del trabajo. Dona&#8230; <a class=\"read-more\" style=\"text-decoration:underline;\" href=\"https:\/\/abcprato.it\/es\/library-section\/sottomenu-arredo-es\/\">Leer m\u00e1s<\/a><\/p>\n","protected":false},"author":3,"featured_media":36622,"parent":0,"menu_order":0,"comment_status":"closed","ping_status":"closed","template":"elementor_header_footer","meta":{"_acf_changed":false,"footnotes":""},"class_list":["post-35976","page","type-page","status-publish","has-post-thumbnail","hentry"],"acf":[],"yoast_head":"<!-- This site is optimized with the Yoast SEO plugin v27.2 - https:\/\/yoast.com\/product\/yoast-seo-wordpress\/ -->\n<title>Mobiliario - ABC Equipment &amp; Solutions<\/title>\n<meta name=\"description\" content=\"Descubre toda la gama de mobiliario para marroquiner\u00eda: bando de trabajo, grande y \u00fanico, mueble para cargas pesadas y mueble de coser.\" \/>\n<meta name=\"robots\" content=\"index, follow, max-snippet:-1, max-image-preview:large, max-video-preview:-1\" \/>\n<link rel=\"canonical\" href=\"https:\/\/abcprato.it\/es\/mobiliario\/\" \/>\n<meta property=\"og:locale\" content=\"es_ES\" \/>\n<meta property=\"og:type\" content=\"article\" \/>\n<meta property=\"og:title\" content=\"Mobiliario - ABC Equipment &amp; Solutions\" \/>\n<meta property=\"og:description\" content=\"Descubre toda la gama de mobiliario para marroquiner\u00eda: bando de trabajo, grande y \u00fanico, mueble para cargas pesadas y mueble de coser.\" \/>\n<meta property=\"og:url\" content=\"https:\/\/abcprato.it\/es\/mobiliario\/\" \/>\n<meta property=\"og:site_name\" content=\"ABC Equipment &amp; Solutions\" \/>\n<meta property=\"article:modified_time\" content=\"2026-01-19T14:41:06+00:00\" \/>\n<meta property=\"og:image\" content=\"https:\/\/abcprato.it\/wp-content\/uploads\/2026\/01\/gamma-arredo.jpg\" \/>\n\t<meta property=\"og:image:width\" content=\"1500\" \/>\n\t<meta property=\"og:image:height\" content=\"1000\" \/>\n\t<meta property=\"og:image:type\" content=\"image\/jpeg\" \/>\n<meta name=\"twitter:card\" content=\"summary_large_image\" \/>\n<meta name=\"twitter:label1\" content=\"Tiempo de lectura\" \/>\n\t<meta name=\"twitter:data1\" content=\"2 minutos\" \/>\n<script type=\"application\/ld+json\" class=\"yoast-schema-graph\">{\"@context\":\"https:\/\/schema.org\",\"@graph\":[{\"@type\":\"WebPage\",\"@id\":\"https:\/\/abcprato.it\/es\/mobiliario\/\",\"url\":\"https:\/\/abcprato.it\/es\/mobiliario\/\",\"name\":\"Mobiliario - ABC Equipment &amp; Solutions\",\"isPartOf\":{\"@id\":\"https:\/\/abcprato.it\/es\/#website\"},\"primaryImageOfPage\":{\"@id\":\"https:\/\/abcprato.it\/es\/mobiliario\/#primaryimage\"},\"image\":{\"@id\":\"https:\/\/abcprato.it\/es\/mobiliario\/#primaryimage\"},\"thumbnailUrl\":\"https:\/\/abcprato.it\/wp-content\/uploads\/2026\/01\/gamma-arredo.jpg\",\"datePublished\":\"2025-11-04T14:03:00+00:00\",\"dateModified\":\"2026-01-19T14:41:06+00:00\",\"description\":\"Descubre toda la gama de mobiliario para marroquiner\u00eda: bando de trabajo, grande y \u00fanico, mueble para cargas pesadas y mueble de coser.\",\"breadcrumb\":{\"@id\":\"https:\/\/abcprato.it\/es\/mobiliario\/#breadcrumb\"},\"inLanguage\":\"es\",\"potentialAction\":[{\"@type\":\"ReadAction\",\"target\":[\"https:\/\/abcprato.it\/es\/mobiliario\/\"]}]},{\"@type\":\"ImageObject\",\"inLanguage\":\"es\",\"@id\":\"https:\/\/abcprato.it\/es\/mobiliario\/#primaryimage\",\"url\":\"https:\/\/abcprato.it\/wp-content\/uploads\/2026\/01\/gamma-arredo.jpg\",\"contentUrl\":\"https:\/\/abcprato.it\/wp-content\/uploads\/2026\/01\/gamma-arredo.jpg\",\"width\":1500,\"height\":1000,\"caption\":\"gama-mobiliario\"},{\"@type\":\"BreadcrumbList\",\"@id\":\"https:\/\/abcprato.it\/es\/mobiliario\/#breadcrumb\",\"itemListElement\":[{\"@type\":\"ListItem\",\"position\":1,\"name\":\"Home\",\"item\":\"https:\/\/abcprato.it\/es\/\"},{\"@type\":\"ListItem\",\"position\":2,\"name\":\"Mobiliario\"}]},{\"@type\":\"WebSite\",\"@id\":\"https:\/\/abcprato.it\/es\/#website\",\"url\":\"https:\/\/abcprato.it\/es\/\",\"name\":\"ABC Equipment &amp; Solutions\",\"description\":\"\",\"publisher\":{\"@id\":\"https:\/\/abcprato.it\/es\/#organization\"},\"potentialAction\":[{\"@type\":\"SearchAction\",\"target\":{\"@type\":\"EntryPoint\",\"urlTemplate\":\"https:\/\/abcprato.it\/es\/?s={search_term_string}\"},\"query-input\":{\"@type\":\"PropertyValueSpecification\",\"valueRequired\":true,\"valueName\":\"search_term_string\"}}],\"inLanguage\":\"es\"},{\"@type\":\"Organization\",\"@id\":\"https:\/\/abcprato.it\/es\/#organization\",\"name\":\"ABC Equipment & Solutions\",\"url\":\"https:\/\/abcprato.it\/es\/\",\"logo\":{\"@type\":\"ImageObject\",\"inLanguage\":\"es\",\"@id\":\"https:\/\/abcprato.it\/es\/#\/schema\/logo\/image\/\",\"url\":\"https:\/\/abcprato.it\/wp-content\/uploads\/2021\/01\/ABC-logo-2021.svg\",\"contentUrl\":\"https:\/\/abcprato.it\/wp-content\/uploads\/2021\/01\/ABC-logo-2021.svg\",\"width\":1,\"height\":1,\"caption\":\"ABC Equipment & Solutions\"},\"image\":{\"@id\":\"https:\/\/abcprato.it\/es\/#\/schema\/logo\/image\/\"}}]}<\/script>\n<!-- \/ Yoast SEO plugin. -->","yoast_head_json":{"title":"Mobiliario - ABC Equipment &amp; Solutions","description":"Descubre toda la gama de mobiliario para marroquiner\u00eda: bando de trabajo, grande y \u00fanico, mueble para cargas pesadas y mueble de coser.","robots":{"index":"index","follow":"follow","max-snippet":"max-snippet:-1","max-image-preview":"max-image-preview:large","max-video-preview":"max-video-preview:-1"},"canonical":"https:\/\/abcprato.it\/es\/mobiliario\/","og_locale":"es_ES","og_type":"article","og_title":"Mobiliario - ABC Equipment &amp; Solutions","og_description":"Descubre toda la gama de mobiliario para marroquiner\u00eda: bando de trabajo, grande y \u00fanico, mueble para cargas pesadas y mueble de coser.","og_url":"https:\/\/abcprato.it\/es\/mobiliario\/","og_site_name":"ABC Equipment &amp; Solutions","article_modified_time":"2026-01-19T14:41:06+00:00","og_image":[{"width":1500,"height":1000,"url":"https:\/\/abcprato.it\/wp-content\/uploads\/2026\/01\/gamma-arredo.jpg","type":"image\/jpeg"}],"twitter_card":"summary_large_image","twitter_misc":{"Tiempo de lectura":"2 minutos"},"schema":{"@context":"https:\/\/schema.org","@graph":[{"@type":"WebPage","@id":"https:\/\/abcprato.it\/es\/mobiliario\/","url":"https:\/\/abcprato.it\/es\/mobiliario\/","name":"Mobiliario - ABC Equipment &amp; Solutions","isPartOf":{"@id":"https:\/\/abcprato.it\/es\/#website"},"primaryImageOfPage":{"@id":"https:\/\/abcprato.it\/es\/mobiliario\/#primaryimage"},"image":{"@id":"https:\/\/abcprato.it\/es\/mobiliario\/#primaryimage"},"thumbnailUrl":"https:\/\/abcprato.it\/wp-content\/uploads\/2026\/01\/gamma-arredo.jpg","datePublished":"2025-11-04T14:03:00+00:00","dateModified":"2026-01-19T14:41:06+00:00","description":"Descubre toda la gama de mobiliario para marroquiner\u00eda: bando de trabajo, grande y \u00fanico, mueble para cargas pesadas y mueble de coser.","breadcrumb":{"@id":"https:\/\/abcprato.it\/es\/mobiliario\/#breadcrumb"},"inLanguage":"es","potentialAction":[{"@type":"ReadAction","target":["https:\/\/abcprato.it\/es\/mobiliario\/"]}]},{"@type":"ImageObject","inLanguage":"es","@id":"https:\/\/abcprato.it\/es\/mobiliario\/#primaryimage","url":"https:\/\/abcprato.it\/wp-content\/uploads\/2026\/01\/gamma-arredo.jpg","contentUrl":"https:\/\/abcprato.it\/wp-content\/uploads\/2026\/01\/gamma-arredo.jpg","width":1500,"height":1000,"caption":"gama-mobiliario"},{"@type":"BreadcrumbList","@id":"https:\/\/abcprato.it\/es\/mobiliario\/#breadcrumb","itemListElement":[{"@type":"ListItem","position":1,"name":"Home","item":"https:\/\/abcprato.it\/es\/"},{"@type":"ListItem","position":2,"name":"Mobiliario"}]},{"@type":"WebSite","@id":"https:\/\/abcprato.it\/es\/#website","url":"https:\/\/abcprato.it\/es\/","name":"ABC Equipment &amp; Solutions","description":"","publisher":{"@id":"https:\/\/abcprato.it\/es\/#organization"},"potentialAction":[{"@type":"SearchAction","target":{"@type":"EntryPoint","urlTemplate":"https:\/\/abcprato.it\/es\/?s={search_term_string}"},"query-input":{"@type":"PropertyValueSpecification","valueRequired":true,"valueName":"search_term_string"}}],"inLanguage":"es"},{"@type":"Organization","@id":"https:\/\/abcprato.it\/es\/#organization","name":"ABC Equipment & Solutions","url":"https:\/\/abcprato.it\/es\/","logo":{"@type":"ImageObject","inLanguage":"es","@id":"https:\/\/abcprato.it\/es\/#\/schema\/logo\/image\/","url":"https:\/\/abcprato.it\/wp-content\/uploads\/2021\/01\/ABC-logo-2021.svg","contentUrl":"https:\/\/abcprato.it\/wp-content\/uploads\/2021\/01\/ABC-logo-2021.svg","width":1,"height":1,"caption":"ABC Equipment & Solutions"},"image":{"@id":"https:\/\/abcprato.it\/es\/#\/schema\/logo\/image\/"}}]}},"_links":{"self":[{"href":"https:\/\/abcprato.it\/es\/wp-json\/wp\/v2\/pages\/35976","targetHints":{"allow":["GET"]}}],"collection":[{"href":"https:\/\/abcprato.it\/es\/wp-json\/wp\/v2\/pages"}],"about":[{"href":"https:\/\/abcprato.it\/es\/wp-json\/wp\/v2\/types\/page"}],"author":[{"embeddable":true,"href":"https:\/\/abcprato.it\/es\/wp-json\/wp\/v2\/users\/3"}],"replies":[{"embeddable":true,"href":"https:\/\/abcprato.it\/es\/wp-json\/wp\/v2\/comments?post=35976"}],"version-history":[{"count":6,"href":"https:\/\/abcprato.it\/es\/wp-json\/wp\/v2\/pages\/35976\/revisions"}],"predecessor-version":[{"id":36642,"href":"https:\/\/abcprato.it\/es\/wp-json\/wp\/v2\/pages\/35976\/revisions\/36642"}],"wp:featuredmedia":[{"embeddable":true,"href":"https:\/\/abcprato.it\/es\/wp-json\/wp\/v2\/media\/36622"}],"wp:attachment":[{"href":"https:\/\/abcprato.it\/es\/wp-json\/wp\/v2\/media?parent=35976"}],"curies":[{"name":"wp","href":"https:\/\/api.w.org\/{rel}","templated":true}]}}